
{"id":693316,"date":"2025-12-09T18:04:15","date_gmt":"2025-12-09T18:04:15","guid":{"rendered":"https:\/\/www.totgestioinmobiliaria.com\/inmueble\/venta\/chalet\/girona\/platja-d-aro\/vcas-2224\/"},"modified":"2024-12-28T13:37:36","modified_gmt":"2024-12-28T13:37:36","slug":"en-venda-2-cases-aparellades-per-reformar-castell-d-aro-costa-brava-vcas-2224","status":"publish","type":"property","link":"https:\/\/www.totgestioinmobiliaria.com\/ca\/property\/en-venda-2-cases-aparellades-per-reformar-castell-d-aro-costa-brava-vcas-2224\/","title":{"rendered":"En venda 2 cases aparellades per reformar &#8211; Castell d\u2019Aro &#8211; Costa Brava &#8211; vcas-2224"},"content":{"rendered":"<p>Busques un projecte amb gran potencial?<\/p>\n<p>Et presentem aquesta excel\u00b7lent oportunitat: dues cases aparellades per reformar situades en una zona residencial tranquil\u00b7la, amb una \u00e0mplia parcel\u00b7la de 1.500 metres quadrats que ofereix m\u00faltiples possibilitats.<\/p>\n<p>Cada habitatge compta amb la seva pr\u00f2pia entrada i distribuci\u00f3, ideal per crear dos habitatges independents, una gran casa unifamiliar o fins i tot per desenvolupar un projecte tur\u00edstic o de lloguer vacacional (subjecte a la normativa local).<\/p>\n<p>Caracter\u00edstiques principals:<br \/>&#8211; 2 cases aparellades incloses a la venda<br \/>&#8211; Parcel\u00b7la de 1.500 m\u00b2 amb zones enjardinades, pou d\u2019aigua i espai per a piscina, hort o ampliaci\u00f3<br \/>&#8211; Estructura s\u00f2lida, ideal per a una reforma integral segons els teus gustos o necessitats<br \/>&#8211; Entorn tranquil i ben comunicat<br \/>&#8211; Gran potencial de revaloritzaci\u00f3<\/p>\n<p>Una excel\u00b7lent opci\u00f3 tant per a inversors com per a qui busca dissenyar el seu propi habitatge a mida, en un entorn ampli, natural i amb total privacitat.<\/p>\n<p>Per a m\u00e9s informaci\u00f3 o per concertar una visita, no dubtis a posar-te en contacte.<\/p>\n","protected":false},"excerpt":{"rendered":"<p>Busques un projecte amb gran potencial?~~Et presentem aquesta excel\u00b7lent oportunitat: dues cases aparellades per reformar situades en una zona residencial tranquil\u00b7la, amb una \u00e0mplia parcel\u00b7la de 1.500 metres quadrats que ofereix m\u00faltiples possibilitats.~~Cada habitatge compta amb la seva pr\u00f2pia entrada i distribuci\u00f3, ideal per crear <\/p>\n","protected":false},"author":3,"featured_media":693318,"parent":0,"menu_order":0,"template":"","property_type":[281],"property_status":[108],"property_feature":[191,113,163,118,196],"property_label":[100],"property_country":[],"property_state":[175],"property_city":[198],"property_area":[424],"class_list":["post-693316","property","type-property","status-publish","has-post-thumbnail","hentry","property_type-xalet","property_status-venda","property_feature-jardi","property_feature-parking-ca","property_feature-pati","property_feature-terrassa","property_feature-tot-exterior","property_label-revenda","property_state-girona","property_city-platja-d-aro","property_area-can-semi-mas-nou-mas-ros"],"property_meta":{"fave_agent":["158"],"fave_agents":["158"],"fave_agent_display_option":["agent_info"],"property_agent":["156"],"custom_permalink":["inmueble\/venta\/chalet\/girona\/platja-d-aro\/vcas-2224\/"],"_thumbnail_id":["693318"],"post_id":["Array"],"original_author":["3"],"_edit_lock":["1604137107:1"],"_edit_last":["1"],"fave_property_map_street_view":["show"],"fave_payment_status":["not_paid"],"fave_single_top_area":["global"],"fave_single_content_area":["global"],"houzez_manual_expire":["0"],"fave_property_size_prefix":["m&sup2;"],"fave_property_map":["1"],"fave_additional_features_enable":["disable"],"fave_floor_plans_enable":["disable"],"fave_multiunit_plans_enable":["disable"],"fave_prop_homeslider":["no"],"fave_featured":["0"],"fave_property_zip":["17249"],"houzez_geolocation_lat":["41.81927973397498"],"houzez_geolocation_long":["3.0245347976958215"],"fave_property_location":["41.81927973397498,3.0245347976958215"],"fave_property_country":["ES"],"fave_comunidadimporte":["0"],"fave_comunidadincluida":["0"],"fave_conservacion":["Para reformar"],"fave_orientacion":[""],"fave_carpinteriainterior":[""],"fave_carpinteriaexterior":[""],"fave_tiposuelo":[""],"fave_vistas":[""],"additional_features":["a:5:{i:0;a:2:{s:29:\"fave_additional_feature_title\";s:12:\"Carpinter\u00eda\";s:29:\"fave_additional_feature_value\";s:0:\"\";}i:1;a:2:{s:29:\"fave_additional_feature_title\";s:21:\"Carpinter\u00eda exterior\";s:29:\"fave_additional_feature_value\";s:0:\"\";}i:2;a:2:{s:29:\"fave_additional_feature_title\";s:6:\"Estado\";s:29:\"fave_additional_feature_value\";s:13:\"Para reformar\";}i:3;a:2:{s:29:\"fave_additional_feature_title\";s:6:\"Vistas\";s:29:\"fave_additional_feature_value\";s:0:\"\";}i:4;a:2:{s:29:\"fave_additional_feature_title\";s:11:\"Orientacion\";s:29:\"fave_additional_feature_value\";s:0:\"\";}}"],"referencia":["vcas-2224"],"fave_property_id":["vcas-2224"],"goapis_id_inmueble":["14023460693"],"goapis_images_hash":["7fdd62d474df4d4c4e1e263602e54304"],"fave_property_bedrooms":["0"],"fave_property_bathrooms":["0"],"fave_property_garage":["1"],"fave_property_land":["2187"],"ave_property_land_postfix":["m&sup2;"],"fave_property_size":["140"],"fave_property_year":["0"],"fave_energy_global_index":["0 kWh\/m&sup2; \/0 Kg CO2\/m&sup2;"],"fave_energy_class":["N"],"estate_attr_energy_class":["Tramitando..."],"REAL_HOMES_property_emisiones":["0"],"REAL_HOMES_property_consumo":["0"],"REAL_HOMES_property_letra":["N"],"estate_video":[""],"fave_video_url":["https:\/\/www.youtube.com\/watch?v=AJinHefjOII?feature="],"fave_video_image":["https:\/\/fotos15.apinmo.com\/11870\/23460693\/6-1.jpg"],"fave_virtual_tour":[""],"vendidoInmueble":[""],"fave_property_price":["310000"],"fave_property_price_postfix":[""],"fave_property_images":["693318","693319","693320","693321","693322","693323","693324","693325","693326","693327","693328","693329","693330","693331","693332","693333","693334","693335","693336","693337","693338","693339","693340","693341","693342","693343","693344","693345","693346","693347"],"houzez_total_property_views":["55"],"houzez_views_by_date":["a:32:{s:10:\"02-20-2026\";i:1;s:10:\"02-21-2026\";i:1;s:10:\"02-22-2026\";i:1;s:10:\"03-01-2026\";i:5;s:10:\"03-02-2026\";i:5;s:10:\"03-07-2026\";i:2;s:10:\"03-10-2026\";i:1;s:10:\"03-13-2026\";i:1;s:10:\"03-14-2026\";i:1;s:10:\"03-15-2026\";i:1;s:10:\"03-18-2026\";i:2;s:10:\"03-20-2026\";i:1;s:10:\"03-22-2026\";i:1;s:10:\"03-26-2026\";i:1;s:10:\"03-27-2026\";i:1;s:10:\"03-28-2026\";i:2;s:10:\"03-30-2026\";i:3;s:10:\"04-01-2026\";i:1;s:10:\"04-05-2026\";i:1;s:10:\"04-06-2026\";i:3;s:10:\"04-07-2026\";i:2;s:10:\"04-09-2026\";i:1;s:10:\"04-11-2026\";i:1;s:10:\"04-12-2026\";i:1;s:10:\"04-13-2026\";i:2;s:10:\"04-14-2026\";i:1;s:10:\"04-15-2026\";i:1;s:10:\"04-17-2026\";i:2;s:10:\"04-20-2026\";i:2;s:10:\"04-23-2026\";i:1;s:10:\"04-25-2026\";i:4;s:10:\"04-26-2026\";i:2;}"],"houzez_recently_viewed":["2026-04-27 00:43:24"],"_elementor_page_assets":["a:0:{}"]},"yoast_head":"<!-- This site is optimized with the Yoast SEO plugin v27.0 - https:\/\/yoast.com\/product\/yoast-seo-wordpress\/ -->\n<title>En venda 2 cases aparellades per reformar - Castell d\u2019Aro - Costa Brava - vcas-2224 - Tot Gesti\u00f3 Inmobiliaria<\/title>\n<meta name=\"robots\" content=\"index, follow, max-snippet:-1, max-image-preview:large, max-video-preview:-1\" \/>\n<link rel=\"canonical\" href=\"https:\/\/www.totgestioinmobiliaria.com\/ca\/property\/en-venda-2-cases-aparellades-per-reformar-castell-d-aro-costa-brava-vcas-2224\/\" \/>\n<meta property=\"og:locale\" content=\"ca_ES\" \/>\n<meta property=\"og:type\" content=\"article\" \/>\n<meta property=\"og:title\" content=\"En venda 2 cases aparellades per reformar - Castell d\u2019Aro - Costa Brava - vcas-2224 - Tot Gesti\u00f3 Inmobiliaria\" \/>\n<meta property=\"og:description\" content=\"Busques un projecte amb gran potencial?~~Et presentem aquesta excel\u00b7lent oportunitat: dues cases aparellades per reformar situades en una zona residencial tranquil\u00b7la, amb una \u00e0mplia parcel\u00b7la de 1.500 metres quadrats que ofereix m\u00faltiples possibilitats.~~Cada habitatge compta amb la seva pr\u00f2pia entrada i distribuci\u00f3, ideal per crear\" \/>\n<meta property=\"og:url\" content=\"https:\/\/www.totgestioinmobiliaria.com\/ca\/property\/en-venda-2-cases-aparellades-per-reformar-castell-d-aro-costa-brava-vcas-2224\/\" \/>\n<meta property=\"og:site_name\" content=\"Tot Gesti\u00f3 Inmobiliaria\" \/>\n<meta property=\"article:publisher\" content=\"https:\/\/www.facebook.com\/TotGestio\" \/>\n<meta property=\"og:image\" content=\"https:\/\/fotos15.apinmo.com\/11870\/23460693\/6-1.jpg\" \/>\n\t<meta property=\"og:image:width\" content=\"850\" \/>\n\t<meta property=\"og:image:height\" content=\"426\" \/>\n\t<meta property=\"og:image:type\" content=\"image\/jpeg\" \/>\n<meta name=\"twitter:card\" content=\"summary_large_image\" \/>\n<meta name=\"twitter:label1\" content=\"Temps estimat de lectura\" \/>\n\t<meta name=\"twitter:data1\" content=\"1 minut\" \/>\n<script type=\"application\/ld+json\" class=\"yoast-schema-graph\">{\"@context\":\"https:\/\/schema.org\",\"@graph\":[{\"@type\":\"WebPage\",\"@id\":\"https:\/\/www.totgestioinmobiliaria.com\/ca\/property\/en-venda-2-cases-aparellades-per-reformar-castell-d-aro-costa-brava-vcas-2224\/\",\"url\":\"https:\/\/www.totgestioinmobiliaria.com\/ca\/property\/en-venda-2-cases-aparellades-per-reformar-castell-d-aro-costa-brava-vcas-2224\/\",\"name\":\"En venda 2 cases aparellades per reformar - Castell d\u2019Aro - Costa Brava - vcas-2224 - Tot Gesti\u00f3 Inmobiliaria\",\"isPartOf\":{\"@id\":\"https:\/\/www.totgestioinmobiliaria.com\/#website\"},\"primaryImageOfPage\":{\"@id\":\"https:\/\/www.totgestioinmobiliaria.com\/ca\/property\/en-venda-2-cases-aparellades-per-reformar-castell-d-aro-costa-brava-vcas-2224\/#primaryimage\"},\"image\":{\"@id\":\"https:\/\/www.totgestioinmobiliaria.com\/ca\/property\/en-venda-2-cases-aparellades-per-reformar-castell-d-aro-costa-brava-vcas-2224\/#primaryimage\"},\"thumbnailUrl\":\"https:\/\/fotos15.apinmo.com\/11870\/23460693\/6-1.jpg\",\"datePublished\":\"2025-12-09T18:04:15+00:00\",\"breadcrumb\":{\"@id\":\"https:\/\/www.totgestioinmobiliaria.com\/ca\/property\/en-venda-2-cases-aparellades-per-reformar-castell-d-aro-costa-brava-vcas-2224\/#breadcrumb\"},\"inLanguage\":\"ca\",\"potentialAction\":[{\"@type\":\"ReadAction\",\"target\":[\"https:\/\/www.totgestioinmobiliaria.com\/ca\/property\/en-venda-2-cases-aparellades-per-reformar-castell-d-aro-costa-brava-vcas-2224\/\"]}]},{\"@type\":\"ImageObject\",\"inLanguage\":\"ca\",\"@id\":\"https:\/\/www.totgestioinmobiliaria.com\/ca\/property\/en-venda-2-cases-aparellades-per-reformar-castell-d-aro-costa-brava-vcas-2224\/#primaryimage\",\"url\":\"https:\/\/fotos15.apinmo.com\/11870\/23460693\/6-1.jpg\",\"contentUrl\":\"https:\/\/fotos15.apinmo.com\/11870\/23460693\/6-1.jpg\",\"width\":850,\"height\":426},{\"@type\":\"BreadcrumbList\",\"@id\":\"https:\/\/www.totgestioinmobiliaria.com\/ca\/property\/en-venda-2-cases-aparellades-per-reformar-castell-d-aro-costa-brava-vcas-2224\/#breadcrumb\",\"itemListElement\":[{\"@type\":\"ListItem\",\"position\":1,\"name\":\"Portada\",\"item\":\"https:\/\/www.totgestioinmobiliaria.com\/ca\/\"},{\"@type\":\"ListItem\",\"position\":2,\"name\":\"Propiedades\",\"item\":\"https:\/\/www.totgestioinmobiliaria.com\/property\/\"},{\"@type\":\"ListItem\",\"position\":3,\"name\":\"En venda 2 cases aparellades per reformar &#8211; Castell d\u2019Aro &#8211; Costa Brava &#8211; vcas-2224\"}]},{\"@type\":\"WebSite\",\"@id\":\"https:\/\/www.totgestioinmobiliaria.com\/#website\",\"url\":\"https:\/\/www.totgestioinmobiliaria.com\/\",\"name\":\"Tot Gesti\u00f3 Inmobiliaria\",\"description\":\"Inmobiliaria en Platja d&#039;Aro\",\"publisher\":{\"@id\":\"https:\/\/www.totgestioinmobiliaria.com\/#organization\"},\"alternateName\":\"Tot Gesti\u00f3\",\"potentialAction\":[{\"@type\":\"SearchAction\",\"target\":{\"@type\":\"EntryPoint\",\"urlTemplate\":\"https:\/\/www.totgestioinmobiliaria.com\/?s={search_term_string}\"},\"query-input\":{\"@type\":\"PropertyValueSpecification\",\"valueRequired\":true,\"valueName\":\"search_term_string\"}}],\"inLanguage\":\"ca\"},{\"@type\":\"Organization\",\"@id\":\"https:\/\/www.totgestioinmobiliaria.com\/#organization\",\"name\":\"Tot Gesti\u00f3 Inmobiliaria\",\"url\":\"https:\/\/www.totgestioinmobiliaria.com\/\",\"logo\":{\"@type\":\"ImageObject\",\"inLanguage\":\"ca\",\"@id\":\"https:\/\/www.totgestioinmobiliaria.com\/#\/schema\/logo\/image\/\",\"url\":\"https:\/\/www.totgestioinmobiliaria.com\/wp-content\/uploads\/2025\/04\/Logotipo-blanco.png\",\"contentUrl\":\"https:\/\/www.totgestioinmobiliaria.com\/wp-content\/uploads\/2025\/04\/Logotipo-blanco.png\",\"width\":1096,\"height\":459,\"caption\":\"Tot Gesti\u00f3 Inmobiliaria\"},\"image\":{\"@id\":\"https:\/\/www.totgestioinmobiliaria.com\/#\/schema\/logo\/image\/\"},\"sameAs\":[\"https:\/\/www.facebook.com\/TotGestio\",\"https:\/\/www.instagram.com\/totgestio_\/\",\"https:\/\/www.youtube.com\/@immobiliariatotgestio\",\"https:\/\/www.linkedin.com\/company\/tot-gesti\/\"]}]}<\/script>\n<!-- \/ Yoast SEO plugin. -->","yoast_head_json":{"title":"En venda 2 cases aparellades per reformar - Castell d\u2019Aro - Costa Brava - vcas-2224 - Tot Gesti\u00f3 Inmobiliaria","robots":{"index":"index","follow":"follow","max-snippet":"max-snippet:-1","max-image-preview":"max-image-preview:large","max-video-preview":"max-video-preview:-1"},"canonical":"https:\/\/www.totgestioinmobiliaria.com\/ca\/property\/en-venda-2-cases-aparellades-per-reformar-castell-d-aro-costa-brava-vcas-2224\/","og_locale":"ca_ES","og_type":"article","og_title":"En venda 2 cases aparellades per reformar - Castell d\u2019Aro - Costa Brava - vcas-2224 - Tot Gesti\u00f3 Inmobiliaria","og_description":"Busques un projecte amb gran potencial?~~Et presentem aquesta excel\u00b7lent oportunitat: dues cases aparellades per reformar situades en una zona residencial tranquil\u00b7la, amb una \u00e0mplia parcel\u00b7la de 1.500 metres quadrats que ofereix m\u00faltiples possibilitats.~~Cada habitatge compta amb la seva pr\u00f2pia entrada i distribuci\u00f3, ideal per crear","og_url":"https:\/\/www.totgestioinmobiliaria.com\/ca\/property\/en-venda-2-cases-aparellades-per-reformar-castell-d-aro-costa-brava-vcas-2224\/","og_site_name":"Tot Gesti\u00f3 Inmobiliaria","article_publisher":"https:\/\/www.facebook.com\/TotGestio","og_image":[{"width":850,"height":426,"url":"https:\/\/fotos15.apinmo.com\/11870\/23460693\/6-1.jpg","type":"image\/jpeg"}],"twitter_card":"summary_large_image","twitter_misc":{"Temps estimat de lectura":"1 minut"},"schema":{"@context":"https:\/\/schema.org","@graph":[{"@type":"WebPage","@id":"https:\/\/www.totgestioinmobiliaria.com\/ca\/property\/en-venda-2-cases-aparellades-per-reformar-castell-d-aro-costa-brava-vcas-2224\/","url":"https:\/\/www.totgestioinmobiliaria.com\/ca\/property\/en-venda-2-cases-aparellades-per-reformar-castell-d-aro-costa-brava-vcas-2224\/","name":"En venda 2 cases aparellades per reformar - Castell d\u2019Aro - Costa Brava - vcas-2224 - Tot Gesti\u00f3 Inmobiliaria","isPartOf":{"@id":"https:\/\/www.totgestioinmobiliaria.com\/#website"},"primaryImageOfPage":{"@id":"https:\/\/www.totgestioinmobiliaria.com\/ca\/property\/en-venda-2-cases-aparellades-per-reformar-castell-d-aro-costa-brava-vcas-2224\/#primaryimage"},"image":{"@id":"https:\/\/www.totgestioinmobiliaria.com\/ca\/property\/en-venda-2-cases-aparellades-per-reformar-castell-d-aro-costa-brava-vcas-2224\/#primaryimage"},"thumbnailUrl":"https:\/\/fotos15.apinmo.com\/11870\/23460693\/6-1.jpg","datePublished":"2025-12-09T18:04:15+00:00","breadcrumb":{"@id":"https:\/\/www.totgestioinmobiliaria.com\/ca\/property\/en-venda-2-cases-aparellades-per-reformar-castell-d-aro-costa-brava-vcas-2224\/#breadcrumb"},"inLanguage":"ca","potentialAction":[{"@type":"ReadAction","target":["https:\/\/www.totgestioinmobiliaria.com\/ca\/property\/en-venda-2-cases-aparellades-per-reformar-castell-d-aro-costa-brava-vcas-2224\/"]}]},{"@type":"ImageObject","inLanguage":"ca","@id":"https:\/\/www.totgestioinmobiliaria.com\/ca\/property\/en-venda-2-cases-aparellades-per-reformar-castell-d-aro-costa-brava-vcas-2224\/#primaryimage","url":"https:\/\/fotos15.apinmo.com\/11870\/23460693\/6-1.jpg","contentUrl":"https:\/\/fotos15.apinmo.com\/11870\/23460693\/6-1.jpg","width":850,"height":426},{"@type":"BreadcrumbList","@id":"https:\/\/www.totgestioinmobiliaria.com\/ca\/property\/en-venda-2-cases-aparellades-per-reformar-castell-d-aro-costa-brava-vcas-2224\/#breadcrumb","itemListElement":[{"@type":"ListItem","position":1,"name":"Portada","item":"https:\/\/www.totgestioinmobiliaria.com\/ca\/"},{"@type":"ListItem","position":2,"name":"Propiedades","item":"https:\/\/www.totgestioinmobiliaria.com\/property\/"},{"@type":"ListItem","position":3,"name":"En venda 2 cases aparellades per reformar &#8211; Castell d\u2019Aro &#8211; Costa Brava &#8211; vcas-2224"}]},{"@type":"WebSite","@id":"https:\/\/www.totgestioinmobiliaria.com\/#website","url":"https:\/\/www.totgestioinmobiliaria.com\/","name":"Tot Gesti\u00f3 Inmobiliaria","description":"Inmobiliaria en Platja d&#039;Aro","publisher":{"@id":"https:\/\/www.totgestioinmobiliaria.com\/#organization"},"alternateName":"Tot Gesti\u00f3","potentialAction":[{"@type":"SearchAction","target":{"@type":"EntryPoint","urlTemplate":"https:\/\/www.totgestioinmobiliaria.com\/?s={search_term_string}"},"query-input":{"@type":"PropertyValueSpecification","valueRequired":true,"valueName":"search_term_string"}}],"inLanguage":"ca"},{"@type":"Organization","@id":"https:\/\/www.totgestioinmobiliaria.com\/#organization","name":"Tot Gesti\u00f3 Inmobiliaria","url":"https:\/\/www.totgestioinmobiliaria.com\/","logo":{"@type":"ImageObject","inLanguage":"ca","@id":"https:\/\/www.totgestioinmobiliaria.com\/#\/schema\/logo\/image\/","url":"https:\/\/www.totgestioinmobiliaria.com\/wp-content\/uploads\/2025\/04\/Logotipo-blanco.png","contentUrl":"https:\/\/www.totgestioinmobiliaria.com\/wp-content\/uploads\/2025\/04\/Logotipo-blanco.png","width":1096,"height":459,"caption":"Tot Gesti\u00f3 Inmobiliaria"},"image":{"@id":"https:\/\/www.totgestioinmobiliaria.com\/#\/schema\/logo\/image\/"},"sameAs":["https:\/\/www.facebook.com\/TotGestio","https:\/\/www.instagram.com\/totgestio_\/","https:\/\/www.youtube.com\/@immobiliariatotgestio","https:\/\/www.linkedin.com\/company\/tot-gesti\/"]}]}},"_links":{"self":[{"href":"https:\/\/www.totgestioinmobiliaria.com\/ca\/wp-json\/wp\/v2\/properties\/693316","targetHints":{"allow":["GET"]}}],"collection":[{"href":"https:\/\/www.totgestioinmobiliaria.com\/ca\/wp-json\/wp\/v2\/properties"}],"about":[{"href":"https:\/\/www.totgestioinmobiliaria.com\/ca\/wp-json\/wp\/v2\/types\/property"}],"author":[{"embeddable":true,"href":"https:\/\/www.totgestioinmobiliaria.com\/ca\/wp-json\/wp\/v2\/users\/3"}],"version-history":[{"count":0,"href":"https:\/\/www.totgestioinmobiliaria.com\/ca\/wp-json\/wp\/v2\/properties\/693316\/revisions"}],"wp:featuredmedia":[{"embeddable":true,"href":"https:\/\/www.totgestioinmobiliaria.com\/ca\/wp-json\/wp\/v2\/media\/693318"}],"wp:attachment":[{"href":"https:\/\/www.totgestioinmobiliaria.com\/ca\/wp-json\/wp\/v2\/media?parent=693316"}],"wp:term":[{"taxonomy":"property_type","embeddable":true,"href":"https:\/\/www.totgestioinmobiliaria.com\/ca\/wp-json\/wp\/v2\/property_type?post=693316"},{"taxonomy":"property_status","embeddable":true,"href":"https:\/\/www.totgestioinmobiliaria.com\/ca\/wp-json\/wp\/v2\/property_status?post=693316"},{"taxonomy":"property_feature","embeddable":true,"href":"https:\/\/www.totgestioinmobiliaria.com\/ca\/wp-json\/wp\/v2\/property_feature?post=693316"},{"taxonomy":"property_label","embeddable":true,"href":"https:\/\/www.totgestioinmobiliaria.com\/ca\/wp-json\/wp\/v2\/property_label?post=693316"},{"taxonomy":"property_country","embeddable":true,"href":"https:\/\/www.totgestioinmobiliaria.com\/ca\/wp-json\/wp\/v2\/property_country?post=693316"},{"taxonomy":"property_state","embeddable":true,"href":"https:\/\/www.totgestioinmobiliaria.com\/ca\/wp-json\/wp\/v2\/property_state?post=693316"},{"taxonomy":"property_city","embeddable":true,"href":"https:\/\/www.totgestioinmobiliaria.com\/ca\/wp-json\/wp\/v2\/property_city?post=693316"},{"taxonomy":"property_area","embeddable":true,"href":"https:\/\/www.totgestioinmobiliaria.com\/ca\/wp-json\/wp\/v2\/property_area?post=693316"}],"curies":[{"name":"wp","href":"https:\/\/api.w.org\/{rel}","templated":true}]}}