
{"id":692451,"date":"2025-12-17T10:10:55","date_gmt":"2025-12-17T10:10:55","guid":{"rendered":"https:\/\/www.totgestioinmobiliaria.com\/inmueble\/venta\/terreno-rural\/girona\/cassa-de-la-selva\/vt-10122\/"},"modified":"-0001-11-30T00:00:00","modified_gmt":"-0001-11-29T22:00:00","slug":"vente-de-3-pacerlles-dans-un-quartier-residentiel-a-cassa-de-la-selva-vt-10122","status":"publish","type":"property","link":"https:\/\/www.totgestioinmobiliaria.com\/fr\/property\/vente-de-3-pacerlles-dans-un-quartier-residentiel-a-cassa-de-la-selva-vt-10122\/","title":{"rendered":"Vente de 3 pacerlles dans un quartier r\u00e9sidentiel \u00e0 Cass\u00e0 de la Selva. &#8211; vt-10122"},"content":{"rendered":"<p>Grande opportunit\u00e9 d&#8217;investissement ! 3 parcelles de terrain \u00e0 vendre dans le quartier r\u00e9sidentiel exclusif de Sangosta, situ\u00e9 \u00e0 Cass\u00e0 de la Selva. La premi\u00e8re parcelle a une surface graphique de 1 355m2, la deuxi\u00e8me de 2 196m2 et la troisi\u00e8me de 362m2, toutes class\u00e9es comme terrains urbains. La surface totale des 3 parcelles est impressionnante, avec 4 235m2 !Cet ensemble de parcelles offre un potentiel illimit\u00e9 pour des projets de d\u00e9veloppement. Son emplacement strat\u00e9gique et sa proximit\u00e9 avec les services essentiels garantissent une forte demande et une rentabilit\u00e9 \u00e0 long terme.Ne manquez pas cette incroyable opportunit\u00e9 d&#8217;investir dans un march\u00e9 immobilier en plein essor. Contactez-nous d\u00e8s aujourd&#8217;hui pour plus de d\u00e9tails et assurez votre participation dans cet investissement prometteur. Ne la laissez pas passer !<\/p>\n","protected":false},"excerpt":{"rendered":"<p>Grande opportunit\u00e9 d&#8217;investissement ! 3 parcelles de terrain \u00e0 vendre dans le quartier r\u00e9sidentiel exclusif de Sangosta, situ\u00e9 \u00e0 Cass\u00e0 de la Selva. La premi\u00e8re parcelle a une surface graphique de 1 355m2, la deuxi\u00e8me de 2 196m2 et la troisi\u00e8me de 362m2, toutes class\u00e9es comme terrains urbains. La surface totale des 3 parcelles est <\/p>\n","protected":false},"author":3,"featured_media":692454,"parent":0,"menu_order":0,"template":"","property_type":[243],"property_status":[107],"property_feature":[],"property_label":[99],"property_country":[],"property_state":[175],"property_city":[246],"property_area":[247],"class_list":["post-692451","property","type-property","status-publish","has-post-thumbnail","hentry","property_type-land-rural","property_status-vente","property_state-girona","property_city-cassa-de-la-selva","property_area-centro"],"property_meta":{"fave_agent":["158"],"fave_agents":["158"],"fave_agent_display_option":["agent_info"],"property_agent":["156"],"custom_permalink":["inmueble\/venta\/terreno-rural\/girona\/cassa-de-la-selva\/vt-10122\/"],"_thumbnail_id":["692454"],"post_id":["Array"],"original_author":["3"],"_edit_lock":["1604137107:1"],"_edit_last":["1"],"fave_property_map_street_view":["show"],"fave_payment_status":["not_paid"],"fave_single_top_area":["global"],"fave_single_content_area":["global"],"houzez_manual_expire":["0"],"fave_property_size_prefix":["m&sup2;"],"fave_property_map":["1"],"fave_additional_features_enable":["disable"],"fave_floor_plans_enable":["disable"],"fave_multiunit_plans_enable":["disable"],"fave_prop_homeslider":["no"],"fave_featured":["0"],"fave_property_address":["Cass\u00e0 de la Selva,Girona"],"fave_property_zip":["17244"],"houzez_geolocation_lat":["41.88499626"],"houzez_geolocation_long":["2.88188526"],"fave_property_location":["41.88499626,2.88188526"],"fave_property_country":["ES"],"fave_property_map_address":["Cass\u00e0 de la Selva,Girona,Spain"],"fave_comunidadimporte":["0"],"fave_comunidadincluida":["0"],"fave_conservacion":["Ninguno"],"fave_orientacion":[""],"fave_carpinteriainterior":[""],"fave_carpinteriaexterior":[""],"fave_tiposuelo":[""],"fave_vistas":[""],"additional_features":["a:5:{i:0;a:2:{s:29:\"fave_additional_feature_title\";s:12:\"Carpinter\u00eda\";s:29:\"fave_additional_feature_value\";s:0:\"\";}i:1;a:2:{s:29:\"fave_additional_feature_title\";s:21:\"Carpinter\u00eda exterior\";s:29:\"fave_additional_feature_value\";s:0:\"\";}i:2;a:2:{s:29:\"fave_additional_feature_title\";s:6:\"Estado\";s:29:\"fave_additional_feature_value\";s:7:\"Ninguno\";}i:3;a:2:{s:29:\"fave_additional_feature_title\";s:6:\"Vistas\";s:29:\"fave_additional_feature_value\";s:0:\"\";}i:4;a:2:{s:29:\"fave_additional_feature_title\";s:11:\"Orientacion\";s:29:\"fave_additional_feature_value\";s:0:\"\";}}"],"referencia":["vt-10122"],"fave_property_id":["vt-10122"],"goapis_id_inmueble":["14023152066"],"goapis_images_hash":["41ff5a535c30430e9f6066e2e08f3afa"],"fave_property_bedrooms":["0"],"fave_property_bathrooms":["0"],"fave_property_garage":[""],"fave_property_land":["4235"],"ave_property_land_postfix":["m&sup2;"],"fave_property_size":["4235"],"fave_property_year":["0"],"fave_energy_global_index":["0 kWh\/m&sup2; \/0 Kg CO2\/m&sup2;"],"fave_energy_class":["N"],"estate_attr_energy_class":["Tramitando..."],"REAL_HOMES_property_emisiones":["0"],"REAL_HOMES_property_consumo":["0"],"REAL_HOMES_property_letra":["N"],"estate_video":[""],"fave_virtual_tour":[""],"vendidoInmueble":[""],"fave_property_price":["249000"],"fave_property_price_postfix":[""],"fave_property_images":["692454","692455","692456","692457","692458","692459","692460","692461","692462","692463","692464","692465","692466","692467","692468","692469","692470","692471","692472","692473","692474"],"houzez_total_property_views":["82"],"houzez_views_by_date":["a:47:{s:10:\"02-20-2026\";i:1;s:10:\"02-21-2026\";i:1;s:10:\"02-22-2026\";i:1;s:10:\"02-23-2026\";i:1;s:10:\"02-28-2026\";i:2;s:10:\"03-03-2026\";i:1;s:10:\"03-05-2026\";i:3;s:10:\"03-07-2026\";i:1;s:10:\"03-09-2026\";i:1;s:10:\"03-11-2026\";i:1;s:10:\"03-13-2026\";i:1;s:10:\"03-15-2026\";i:1;s:10:\"03-17-2026\";i:1;s:10:\"03-19-2026\";i:1;s:10:\"03-20-2026\";i:3;s:10:\"03-22-2026\";i:1;s:10:\"03-24-2026\";i:1;s:10:\"03-25-2026\";i:1;s:10:\"03-27-2026\";i:1;s:10:\"03-28-2026\";i:1;s:10:\"03-29-2026\";i:2;s:10:\"03-30-2026\";i:3;s:10:\"03-31-2026\";i:2;s:10:\"04-01-2026\";i:2;s:10:\"04-03-2026\";i:3;s:10:\"04-04-2026\";i:2;s:10:\"04-05-2026\";i:3;s:10:\"04-06-2026\";i:3;s:10:\"04-07-2026\";i:2;s:10:\"04-08-2026\";i:1;s:10:\"04-09-2026\";i:2;s:10:\"04-10-2026\";i:1;s:10:\"04-11-2026\";i:3;s:10:\"04-12-2026\";i:2;s:10:\"04-13-2026\";i:3;s:10:\"04-14-2026\";i:1;s:10:\"04-15-2026\";i:5;s:10:\"04-17-2026\";i:3;s:10:\"04-18-2026\";i:1;s:10:\"04-19-2026\";i:1;s:10:\"04-20-2026\";i:2;s:10:\"04-21-2026\";i:1;s:10:\"04-22-2026\";i:1;s:10:\"04-23-2026\";i:1;s:10:\"04-24-2026\";i:2;s:10:\"04-25-2026\";i:2;s:10:\"04-27-2026\";i:3;}"],"houzez_recently_viewed":["2026-04-27 15:36:30"],"_elementor_page_assets":["a:0:{}"]},"yoast_head":"<!-- This site is optimized with the Yoast SEO plugin v27.0 - https:\/\/yoast.com\/product\/yoast-seo-wordpress\/ -->\n<title>Vente de 3 pacerlles dans un quartier r\u00e9sidentiel \u00e0 Cass\u00e0 de la Selva. - vt-10122 - Tot Gesti\u00f3 Inmobiliaria<\/title>\n<meta name=\"robots\" content=\"index, follow, max-snippet:-1, max-image-preview:large, max-video-preview:-1\" \/>\n<link rel=\"canonical\" href=\"https:\/\/www.totgestioinmobiliaria.com\/fr\/property\/vente-de-3-pacerlles-dans-un-quartier-residentiel-a-cassa-de-la-selva-vt-10122\/\" \/>\n<meta property=\"og:locale\" content=\"fr_FR\" \/>\n<meta property=\"og:type\" content=\"article\" \/>\n<meta property=\"og:title\" content=\"Vente de 3 pacerlles dans un quartier r\u00e9sidentiel \u00e0 Cass\u00e0 de la Selva. - vt-10122 - Tot Gesti\u00f3 Inmobiliaria\" \/>\n<meta property=\"og:description\" content=\"Grande opportunit\u00e9 d&#039;investissement ! 3 parcelles de terrain \u00e0 vendre dans le quartier r\u00e9sidentiel exclusif de Sangosta, situ\u00e9 \u00e0 Cass\u00e0 de la Selva. La premi\u00e8re parcelle a une surface graphique de 1 355m2, la deuxi\u00e8me de 2 196m2 et la troisi\u00e8me de 362m2, toutes class\u00e9es comme terrains urbains. La surface totale des 3 parcelles est\" \/>\n<meta property=\"og:url\" content=\"https:\/\/www.totgestioinmobiliaria.com\/fr\/property\/vente-de-3-pacerlles-dans-un-quartier-residentiel-a-cassa-de-la-selva-vt-10122\/\" \/>\n<meta property=\"og:site_name\" content=\"Tot Gesti\u00f3 Inmobiliaria\" \/>\n<meta property=\"article:publisher\" content=\"https:\/\/www.facebook.com\/TotGestio\" \/>\n<meta property=\"og:image\" content=\"https:\/\/fotos15.apinmo.com\/11870\/23152066\/2-1.jpg\" \/>\n\t<meta property=\"og:image:width\" content=\"850\" \/>\n\t<meta property=\"og:image:height\" content=\"426\" \/>\n\t<meta property=\"og:image:type\" content=\"image\/jpeg\" \/>\n<meta name=\"twitter:card\" content=\"summary_large_image\" \/>\n<meta name=\"twitter:label1\" content=\"Dur\u00e9e de lecture estim\u00e9e\" \/>\n\t<meta name=\"twitter:data1\" content=\"1 minute\" \/>\n<script type=\"application\/ld+json\" class=\"yoast-schema-graph\">{\"@context\":\"https:\/\/schema.org\",\"@graph\":[{\"@type\":\"WebPage\",\"@id\":\"https:\/\/www.totgestioinmobiliaria.com\/fr\/property\/vente-de-3-pacerlles-dans-un-quartier-residentiel-a-cassa-de-la-selva-vt-10122\/\",\"url\":\"https:\/\/www.totgestioinmobiliaria.com\/fr\/property\/vente-de-3-pacerlles-dans-un-quartier-residentiel-a-cassa-de-la-selva-vt-10122\/\",\"name\":\"Vente de 3 pacerlles dans un quartier r\u00e9sidentiel \u00e0 Cass\u00e0 de la Selva. - vt-10122 - Tot Gesti\u00f3 Inmobiliaria\",\"isPartOf\":{\"@id\":\"https:\/\/www.totgestioinmobiliaria.com\/#website\"},\"primaryImageOfPage\":{\"@id\":\"https:\/\/www.totgestioinmobiliaria.com\/fr\/property\/vente-de-3-pacerlles-dans-un-quartier-residentiel-a-cassa-de-la-selva-vt-10122\/#primaryimage\"},\"image\":{\"@id\":\"https:\/\/www.totgestioinmobiliaria.com\/fr\/property\/vente-de-3-pacerlles-dans-un-quartier-residentiel-a-cassa-de-la-selva-vt-10122\/#primaryimage\"},\"thumbnailUrl\":\"https:\/\/fotos15.apinmo.com\/11870\/23152066\/2-1.jpg\",\"datePublished\":\"2025-12-17T10:10:55+00:00\",\"breadcrumb\":{\"@id\":\"https:\/\/www.totgestioinmobiliaria.com\/fr\/property\/vente-de-3-pacerlles-dans-un-quartier-residentiel-a-cassa-de-la-selva-vt-10122\/#breadcrumb\"},\"inLanguage\":\"fr-FR\",\"potentialAction\":[{\"@type\":\"ReadAction\",\"target\":[\"https:\/\/www.totgestioinmobiliaria.com\/fr\/property\/vente-de-3-pacerlles-dans-un-quartier-residentiel-a-cassa-de-la-selva-vt-10122\/\"]}]},{\"@type\":\"ImageObject\",\"inLanguage\":\"fr-FR\",\"@id\":\"https:\/\/www.totgestioinmobiliaria.com\/fr\/property\/vente-de-3-pacerlles-dans-un-quartier-residentiel-a-cassa-de-la-selva-vt-10122\/#primaryimage\",\"url\":\"https:\/\/fotos15.apinmo.com\/11870\/23152066\/2-1.jpg\",\"contentUrl\":\"https:\/\/fotos15.apinmo.com\/11870\/23152066\/2-1.jpg\",\"width\":850,\"height\":426,\"caption\":\"Venta de conjunto de 3 solares en zona residencial en cass\u00e0 de la selva. - imagenInmueble0\"},{\"@type\":\"BreadcrumbList\",\"@id\":\"https:\/\/www.totgestioinmobiliaria.com\/fr\/property\/vente-de-3-pacerlles-dans-un-quartier-residentiel-a-cassa-de-la-selva-vt-10122\/#breadcrumb\",\"itemListElement\":[{\"@type\":\"ListItem\",\"position\":1,\"name\":\"Portada\",\"item\":\"https:\/\/www.totgestioinmobiliaria.com\/fr\/\"},{\"@type\":\"ListItem\",\"position\":2,\"name\":\"Propiedades\",\"item\":\"https:\/\/www.totgestioinmobiliaria.com\/property\/\"},{\"@type\":\"ListItem\",\"position\":3,\"name\":\"Vente de 3 pacerlles dans un quartier r\u00e9sidentiel \u00e0 Cass\u00e0 de la Selva. &#8211; vt-10122\"}]},{\"@type\":\"WebSite\",\"@id\":\"https:\/\/www.totgestioinmobiliaria.com\/#website\",\"url\":\"https:\/\/www.totgestioinmobiliaria.com\/\",\"name\":\"Tot Gesti\u00f3 Inmobiliaria\",\"description\":\"Inmobiliaria en Platja d&#039;Aro\",\"publisher\":{\"@id\":\"https:\/\/www.totgestioinmobiliaria.com\/#organization\"},\"alternateName\":\"Tot Gesti\u00f3\",\"potentialAction\":[{\"@type\":\"SearchAction\",\"target\":{\"@type\":\"EntryPoint\",\"urlTemplate\":\"https:\/\/www.totgestioinmobiliaria.com\/?s={search_term_string}\"},\"query-input\":{\"@type\":\"PropertyValueSpecification\",\"valueRequired\":true,\"valueName\":\"search_term_string\"}}],\"inLanguage\":\"fr-FR\"},{\"@type\":\"Organization\",\"@id\":\"https:\/\/www.totgestioinmobiliaria.com\/#organization\",\"name\":\"Tot Gesti\u00f3 Inmobiliaria\",\"url\":\"https:\/\/www.totgestioinmobiliaria.com\/\",\"logo\":{\"@type\":\"ImageObject\",\"inLanguage\":\"fr-FR\",\"@id\":\"https:\/\/www.totgestioinmobiliaria.com\/#\/schema\/logo\/image\/\",\"url\":\"https:\/\/www.totgestioinmobiliaria.com\/wp-content\/uploads\/2025\/04\/Logotipo-blanco.png\",\"contentUrl\":\"https:\/\/www.totgestioinmobiliaria.com\/wp-content\/uploads\/2025\/04\/Logotipo-blanco.png\",\"width\":1096,\"height\":459,\"caption\":\"Tot Gesti\u00f3 Inmobiliaria\"},\"image\":{\"@id\":\"https:\/\/www.totgestioinmobiliaria.com\/#\/schema\/logo\/image\/\"},\"sameAs\":[\"https:\/\/www.facebook.com\/TotGestio\",\"https:\/\/www.instagram.com\/totgestio_\/\",\"https:\/\/www.youtube.com\/@immobiliariatotgestio\",\"https:\/\/www.linkedin.com\/company\/tot-gesti\/\"]}]}<\/script>\n<!-- \/ Yoast SEO plugin. -->","yoast_head_json":{"title":"Vente de 3 pacerlles dans un quartier r\u00e9sidentiel \u00e0 Cass\u00e0 de la Selva. - vt-10122 - Tot Gesti\u00f3 Inmobiliaria","robots":{"index":"index","follow":"follow","max-snippet":"max-snippet:-1","max-image-preview":"max-image-preview:large","max-video-preview":"max-video-preview:-1"},"canonical":"https:\/\/www.totgestioinmobiliaria.com\/fr\/property\/vente-de-3-pacerlles-dans-un-quartier-residentiel-a-cassa-de-la-selva-vt-10122\/","og_locale":"fr_FR","og_type":"article","og_title":"Vente de 3 pacerlles dans un quartier r\u00e9sidentiel \u00e0 Cass\u00e0 de la Selva. - vt-10122 - Tot Gesti\u00f3 Inmobiliaria","og_description":"Grande opportunit\u00e9 d'investissement ! 3 parcelles de terrain \u00e0 vendre dans le quartier r\u00e9sidentiel exclusif de Sangosta, situ\u00e9 \u00e0 Cass\u00e0 de la Selva. La premi\u00e8re parcelle a une surface graphique de 1 355m2, la deuxi\u00e8me de 2 196m2 et la troisi\u00e8me de 362m2, toutes class\u00e9es comme terrains urbains. La surface totale des 3 parcelles est","og_url":"https:\/\/www.totgestioinmobiliaria.com\/fr\/property\/vente-de-3-pacerlles-dans-un-quartier-residentiel-a-cassa-de-la-selva-vt-10122\/","og_site_name":"Tot Gesti\u00f3 Inmobiliaria","article_publisher":"https:\/\/www.facebook.com\/TotGestio","og_image":[{"width":850,"height":426,"url":"https:\/\/fotos15.apinmo.com\/11870\/23152066\/2-1.jpg","type":"image\/jpeg"}],"twitter_card":"summary_large_image","twitter_misc":{"Dur\u00e9e de lecture estim\u00e9e":"1 minute"},"schema":{"@context":"https:\/\/schema.org","@graph":[{"@type":"WebPage","@id":"https:\/\/www.totgestioinmobiliaria.com\/fr\/property\/vente-de-3-pacerlles-dans-un-quartier-residentiel-a-cassa-de-la-selva-vt-10122\/","url":"https:\/\/www.totgestioinmobiliaria.com\/fr\/property\/vente-de-3-pacerlles-dans-un-quartier-residentiel-a-cassa-de-la-selva-vt-10122\/","name":"Vente de 3 pacerlles dans un quartier r\u00e9sidentiel \u00e0 Cass\u00e0 de la Selva. - vt-10122 - Tot Gesti\u00f3 Inmobiliaria","isPartOf":{"@id":"https:\/\/www.totgestioinmobiliaria.com\/#website"},"primaryImageOfPage":{"@id":"https:\/\/www.totgestioinmobiliaria.com\/fr\/property\/vente-de-3-pacerlles-dans-un-quartier-residentiel-a-cassa-de-la-selva-vt-10122\/#primaryimage"},"image":{"@id":"https:\/\/www.totgestioinmobiliaria.com\/fr\/property\/vente-de-3-pacerlles-dans-un-quartier-residentiel-a-cassa-de-la-selva-vt-10122\/#primaryimage"},"thumbnailUrl":"https:\/\/fotos15.apinmo.com\/11870\/23152066\/2-1.jpg","datePublished":"2025-12-17T10:10:55+00:00","breadcrumb":{"@id":"https:\/\/www.totgestioinmobiliaria.com\/fr\/property\/vente-de-3-pacerlles-dans-un-quartier-residentiel-a-cassa-de-la-selva-vt-10122\/#breadcrumb"},"inLanguage":"fr-FR","potentialAction":[{"@type":"ReadAction","target":["https:\/\/www.totgestioinmobiliaria.com\/fr\/property\/vente-de-3-pacerlles-dans-un-quartier-residentiel-a-cassa-de-la-selva-vt-10122\/"]}]},{"@type":"ImageObject","inLanguage":"fr-FR","@id":"https:\/\/www.totgestioinmobiliaria.com\/fr\/property\/vente-de-3-pacerlles-dans-un-quartier-residentiel-a-cassa-de-la-selva-vt-10122\/#primaryimage","url":"https:\/\/fotos15.apinmo.com\/11870\/23152066\/2-1.jpg","contentUrl":"https:\/\/fotos15.apinmo.com\/11870\/23152066\/2-1.jpg","width":850,"height":426,"caption":"Venta de conjunto de 3 solares en zona residencial en cass\u00e0 de la selva. - imagenInmueble0"},{"@type":"BreadcrumbList","@id":"https:\/\/www.totgestioinmobiliaria.com\/fr\/property\/vente-de-3-pacerlles-dans-un-quartier-residentiel-a-cassa-de-la-selva-vt-10122\/#breadcrumb","itemListElement":[{"@type":"ListItem","position":1,"name":"Portada","item":"https:\/\/www.totgestioinmobiliaria.com\/fr\/"},{"@type":"ListItem","position":2,"name":"Propiedades","item":"https:\/\/www.totgestioinmobiliaria.com\/property\/"},{"@type":"ListItem","position":3,"name":"Vente de 3 pacerlles dans un quartier r\u00e9sidentiel \u00e0 Cass\u00e0 de la Selva. &#8211; vt-10122"}]},{"@type":"WebSite","@id":"https:\/\/www.totgestioinmobiliaria.com\/#website","url":"https:\/\/www.totgestioinmobiliaria.com\/","name":"Tot Gesti\u00f3 Inmobiliaria","description":"Inmobiliaria en Platja d&#039;Aro","publisher":{"@id":"https:\/\/www.totgestioinmobiliaria.com\/#organization"},"alternateName":"Tot Gesti\u00f3","potentialAction":[{"@type":"SearchAction","target":{"@type":"EntryPoint","urlTemplate":"https:\/\/www.totgestioinmobiliaria.com\/?s={search_term_string}"},"query-input":{"@type":"PropertyValueSpecification","valueRequired":true,"valueName":"search_term_string"}}],"inLanguage":"fr-FR"},{"@type":"Organization","@id":"https:\/\/www.totgestioinmobiliaria.com\/#organization","name":"Tot Gesti\u00f3 Inmobiliaria","url":"https:\/\/www.totgestioinmobiliaria.com\/","logo":{"@type":"ImageObject","inLanguage":"fr-FR","@id":"https:\/\/www.totgestioinmobiliaria.com\/#\/schema\/logo\/image\/","url":"https:\/\/www.totgestioinmobiliaria.com\/wp-content\/uploads\/2025\/04\/Logotipo-blanco.png","contentUrl":"https:\/\/www.totgestioinmobiliaria.com\/wp-content\/uploads\/2025\/04\/Logotipo-blanco.png","width":1096,"height":459,"caption":"Tot Gesti\u00f3 Inmobiliaria"},"image":{"@id":"https:\/\/www.totgestioinmobiliaria.com\/#\/schema\/logo\/image\/"},"sameAs":["https:\/\/www.facebook.com\/TotGestio","https:\/\/www.instagram.com\/totgestio_\/","https:\/\/www.youtube.com\/@immobiliariatotgestio","https:\/\/www.linkedin.com\/company\/tot-gesti\/"]}]}},"_links":{"self":[{"href":"https:\/\/www.totgestioinmobiliaria.com\/fr\/wp-json\/wp\/v2\/properties\/692451","targetHints":{"allow":["GET"]}}],"collection":[{"href":"https:\/\/www.totgestioinmobiliaria.com\/fr\/wp-json\/wp\/v2\/properties"}],"about":[{"href":"https:\/\/www.totgestioinmobiliaria.com\/fr\/wp-json\/wp\/v2\/types\/property"}],"author":[{"embeddable":true,"href":"https:\/\/www.totgestioinmobiliaria.com\/fr\/wp-json\/wp\/v2\/users\/3"}],"version-history":[{"count":0,"href":"https:\/\/www.totgestioinmobiliaria.com\/fr\/wp-json\/wp\/v2\/properties\/692451\/revisions"}],"wp:featuredmedia":[{"embeddable":true,"href":"https:\/\/www.totgestioinmobiliaria.com\/fr\/wp-json\/wp\/v2\/media\/692454"}],"wp:attachment":[{"href":"https:\/\/www.totgestioinmobiliaria.com\/fr\/wp-json\/wp\/v2\/media?parent=692451"}],"wp:term":[{"taxonomy":"property_type","embeddable":true,"href":"https:\/\/www.totgestioinmobiliaria.com\/fr\/wp-json\/wp\/v2\/property_type?post=692451"},{"taxonomy":"property_status","embeddable":true,"href":"https:\/\/www.totgestioinmobiliaria.com\/fr\/wp-json\/wp\/v2\/property_status?post=692451"},{"taxonomy":"property_feature","embeddable":true,"href":"https:\/\/www.totgestioinmobiliaria.com\/fr\/wp-json\/wp\/v2\/property_feature?post=692451"},{"taxonomy":"property_label","embeddable":true,"href":"https:\/\/www.totgestioinmobiliaria.com\/fr\/wp-json\/wp\/v2\/property_label?post=692451"},{"taxonomy":"property_country","embeddable":true,"href":"https:\/\/www.totgestioinmobiliaria.com\/fr\/wp-json\/wp\/v2\/property_country?post=692451"},{"taxonomy":"property_state","embeddable":true,"href":"https:\/\/www.totgestioinmobiliaria.com\/fr\/wp-json\/wp\/v2\/property_state?post=692451"},{"taxonomy":"property_city","embeddable":true,"href":"https:\/\/www.totgestioinmobiliaria.com\/fr\/wp-json\/wp\/v2\/property_city?post=692451"},{"taxonomy":"property_area","embeddable":true,"href":"https:\/\/www.totgestioinmobiliaria.com\/fr\/wp-json\/wp\/v2\/property_area?post=692451"}],"curies":[{"name":"wp","href":"https:\/\/api.w.org\/{rel}","templated":true}]}}