
{"id":692625,"date":"2025-12-17T10:09:22","date_gmt":"2025-12-17T10:09:22","guid":{"rendered":"https:\/\/www.totgestioinmobiliaria.com\/inmueble\/venta\/edificio\/girona\/platja-d-aro\/vedif-10356\/"},"modified":"2021-09-11T00:00:00","modified_gmt":"2021-09-11T00:00:00","slug":"immeuble-commercial-et-hotelier-a-vendre-dans-le-centre-de-platja-d-aro-vedif-10356","status":"publish","type":"property","link":"https:\/\/www.totgestioinmobiliaria.com\/fr\/property\/immeuble-commercial-et-hotelier-a-vendre-dans-le-centre-de-platja-d-aro-vedif-10356\/","title":{"rendered":"Immeuble commercial et h\u00f4telier \u00e0 vendre dans le centre de Platja d?Aro &#8211; vedif-10356"},"content":{"rendered":"<p>A vendre rez-de-chauss\u00e9e immeuble + 2 \u00e9tages + grenier pour locaux commerciaux de bar-restaurant, bar \u00e0 cocktails, h\u00f4tel, h\u00e9bergement touristique ou auberge dans le centre de Platja d?Aro et \u00e0 100 m de la plage. Immeuble sur une ferme de 538 m2. Rez-de-chauss\u00e9e de 431 m2 (ancien Bar-Restaurant) plus terrasse de 75 m2, premier \u00e9tage de 242 m2 r\u00e9partis avec 7 chambres en suite, deuxi\u00e8me \u00e9tage de 158 m2 r\u00e9partis avec 7 chambres de type suite, \u00e9tage mansard\u00e9 de 41 m2 pour d?autres utilisations plus une terrasse de 118 m2. Local \u00e0 r\u00e9former dans l?un des meilleurs l\u00f9diques et zones commerciales de Platja d?Aro. Zone avec l?influence maximale du tourisme saisonnier du centre de la Costa Brava. D?un grand int\u00e9r\u00eat pour les investisseurs et \/ ou les entrepreneurs de la restauration et de l?h\u00f4tellerie.<\/p>\n","protected":false},"excerpt":{"rendered":"<p>A vendre rez-de-chauss\u00e9e immeuble + 2 \u00e9tages + grenier pour locaux commerciaux de bar-restaurant, bar \u00e0 cocktails, h\u00f4tel, h\u00e9bergement touristique ou auberge dans le centre de Platja d?Aro et \u00e0 100 m de la plage. Immeuble sur une ferme de 538 m2. Rez-de-chauss\u00e9e de 431 m2 (ancien Bar-Restaurant) plus terrasse de 75 m2, premier \u00e9tage <\/p>\n","protected":false},"author":3,"featured_media":692628,"parent":0,"menu_order":0,"template":"","property_type":[275],"property_status":[107],"property_feature":[152,195],"property_label":[99],"property_country":[],"property_state":[175],"property_city":[198],"property_area":[278],"class_list":["post-692625","property","type-property","status-publish","has-post-thumbnail","hentry","property_type-batiments","property_status-vente","property_feature-galerie","property_feature-tout-exterieur","property_state-girona","property_city-platja-d-aro","property_area-platja-d-aro"],"property_meta":{"fave_agent":["158"],"fave_agents":["158"],"fave_agent_display_option":["agent_info"],"property_agent":["156"],"custom_permalink":["inmueble\/venta\/edificio\/girona\/platja-d-aro\/vedif-10356\/"],"_thumbnail_id":["692628"],"post_id":["Array"],"original_author":["3"],"_edit_lock":["1604137107:1"],"_edit_last":["1"],"fave_property_map_street_view":["show"],"fave_payment_status":["not_paid"],"fave_single_top_area":["global"],"fave_single_content_area":["global"],"houzez_manual_expire":["0"],"fave_property_size_prefix":["m&sup2;"],"fave_property_map":["1"],"fave_additional_features_enable":["disable"],"fave_floor_plans_enable":["disable"],"fave_multiunit_plans_enable":["disable"],"fave_prop_homeslider":["no"],"fave_featured":["0"],"fave_property_zip":["17250"],"houzez_geolocation_lat":["41.81840375"],"houzez_geolocation_long":["3.06782754"],"fave_property_location":["41.81840375,3.06782754"],"fave_property_country":["ES"],"fave_comunidadimporte":["0"],"fave_comunidadincluida":["0"],"fave_conservacion":["Buen estado"],"fave_orientacion":[""],"fave_carpinteriainterior":[""],"fave_carpinteriaexterior":[""],"fave_tiposuelo":[""],"fave_vistas":[""],"additional_features":["a:5:{i:0;a:2:{s:29:\"fave_additional_feature_title\";s:12:\"Carpinter\u00eda\";s:29:\"fave_additional_feature_value\";s:0:\"\";}i:1;a:2:{s:29:\"fave_additional_feature_title\";s:21:\"Carpinter\u00eda exterior\";s:29:\"fave_additional_feature_value\";s:0:\"\";}i:2;a:2:{s:29:\"fave_additional_feature_title\";s:6:\"Estado\";s:29:\"fave_additional_feature_value\";s:11:\"Buen estado\";}i:3;a:2:{s:29:\"fave_additional_feature_title\";s:6:\"Vistas\";s:29:\"fave_additional_feature_value\";s:0:\"\";}i:4;a:2:{s:29:\"fave_additional_feature_title\";s:11:\"Orientacion\";s:29:\"fave_additional_feature_value\";s:0:\"\";}}"],"referencia":["vedif-10356"],"fave_property_id":["vedif-10356"],"goapis_id_inmueble":["14023152351"],"goapis_images_hash":["ba09ccf2a3c1e09ee9e8c378d3d156b1"],"fave_property_bedrooms":["0"],"fave_property_bathrooms":["0"],"fave_property_garage":[""],"fave_property_land":["0"],"ave_property_land_postfix":["m&sup2;"],"fave_property_size":["893"],"fave_property_year":["1972"],"fave_energy_global_index":["0 kWh\/m&sup2; \/0 Kg CO2\/m&sup2;"],"fave_energy_class":["N"],"estate_attr_energy_class":["Tramitando..."],"REAL_HOMES_property_emisiones":["0"],"REAL_HOMES_property_consumo":["0"],"REAL_HOMES_property_letra":["N"],"estate_video":[""],"fave_virtual_tour":[""],"vendidoInmueble":[""],"fave_property_price":["1600000"],"fave_property_price_postfix":[""],"fave_property_images":["692628","692629","692630","692631","692632","692633","692634","692635","692636","692637","692638","692639","692640","692641","692642","692643","692644","692645","692646","692647","692648","692649"],"houzez_total_property_views":["47"],"houzez_views_by_date":["a:36:{s:10:\"02-20-2026\";i:2;s:10:\"02-23-2026\";i:1;s:10:\"02-25-2026\";i:1;s:10:\"03-02-2026\";i:1;s:10:\"03-03-2026\";i:1;s:10:\"03-07-2026\";i:1;s:10:\"03-11-2026\";i:1;s:10:\"03-12-2026\";i:1;s:10:\"03-14-2026\";i:1;s:10:\"03-16-2026\";i:1;s:10:\"03-17-2026\";i:2;s:10:\"03-22-2026\";i:2;s:10:\"03-24-2026\";i:2;s:10:\"03-29-2026\";i:1;s:10:\"03-30-2026\";i:2;s:10:\"04-01-2026\";i:1;s:10:\"04-02-2026\";i:2;s:10:\"04-03-2026\";i:1;s:10:\"04-04-2026\";i:1;s:10:\"04-05-2026\";i:2;s:10:\"04-06-2026\";i:1;s:10:\"04-08-2026\";i:1;s:10:\"04-09-2026\";i:1;s:10:\"04-10-2026\";i:1;s:10:\"04-12-2026\";i:1;s:10:\"04-13-2026\";i:1;s:10:\"04-14-2026\";i:1;s:10:\"04-15-2026\";i:2;s:10:\"04-18-2026\";i:1;s:10:\"04-19-2026\";i:1;s:10:\"04-20-2026\";i:2;s:10:\"04-21-2026\";i:1;s:10:\"04-23-2026\";i:2;s:10:\"04-24-2026\";i:1;s:10:\"04-25-2026\";i:1;s:10:\"04-26-2026\";i:2;}"],"houzez_recently_viewed":["2026-04-26 23:19:47"],"_elementor_page_assets":["a:0:{}"]},"yoast_head":"<!-- This site is optimized with the Yoast SEO plugin v27.0 - https:\/\/yoast.com\/product\/yoast-seo-wordpress\/ -->\n<title>Immeuble commercial et h\u00f4telier \u00e0 vendre dans le centre de Platja d?Aro - vedif-10356 - Tot Gesti\u00f3 Inmobiliaria<\/title>\n<meta name=\"robots\" content=\"index, follow, max-snippet:-1, max-image-preview:large, max-video-preview:-1\" \/>\n<link rel=\"canonical\" href=\"https:\/\/www.totgestioinmobiliaria.com\/fr\/property\/immeuble-commercial-et-hotelier-a-vendre-dans-le-centre-de-platja-d-aro-vedif-10356\/\" \/>\n<meta property=\"og:locale\" content=\"fr_FR\" \/>\n<meta property=\"og:type\" content=\"article\" \/>\n<meta property=\"og:title\" content=\"Immeuble commercial et h\u00f4telier \u00e0 vendre dans le centre de Platja d?Aro - vedif-10356 - Tot Gesti\u00f3 Inmobiliaria\" \/>\n<meta property=\"og:description\" content=\"A vendre rez-de-chauss\u00e9e immeuble + 2 \u00e9tages + grenier pour locaux commerciaux de bar-restaurant, bar \u00e0 cocktails, h\u00f4tel, h\u00e9bergement touristique ou auberge dans le centre de Platja d?Aro et \u00e0 100 m de la plage. Immeuble sur une ferme de 538 m2. Rez-de-chauss\u00e9e de 431 m2 (ancien Bar-Restaurant) plus terrasse de 75 m2, premier \u00e9tage\" \/>\n<meta property=\"og:url\" content=\"https:\/\/www.totgestioinmobiliaria.com\/fr\/property\/immeuble-commercial-et-hotelier-a-vendre-dans-le-centre-de-platja-d-aro-vedif-10356\/\" \/>\n<meta property=\"og:site_name\" content=\"Tot Gesti\u00f3 Inmobiliaria\" \/>\n<meta property=\"article:publisher\" content=\"https:\/\/www.facebook.com\/TotGestio\" \/>\n<meta property=\"og:image\" content=\"https:\/\/fotos15.apinmo.com\/11870\/23152351\/2-1.jpg\" \/>\n\t<meta property=\"og:image:width\" content=\"850\" \/>\n\t<meta property=\"og:image:height\" content=\"426\" \/>\n\t<meta property=\"og:image:type\" content=\"image\/jpeg\" \/>\n<meta name=\"twitter:card\" content=\"summary_large_image\" \/>\n<meta name=\"twitter:label1\" content=\"Dur\u00e9e de lecture estim\u00e9e\" \/>\n\t<meta name=\"twitter:data1\" content=\"1 minute\" \/>\n<script type=\"application\/ld+json\" class=\"yoast-schema-graph\">{\"@context\":\"https:\/\/schema.org\",\"@graph\":[{\"@type\":\"WebPage\",\"@id\":\"https:\/\/www.totgestioinmobiliaria.com\/fr\/property\/immeuble-commercial-et-hotelier-a-vendre-dans-le-centre-de-platja-d-aro-vedif-10356\/\",\"url\":\"https:\/\/www.totgestioinmobiliaria.com\/fr\/property\/immeuble-commercial-et-hotelier-a-vendre-dans-le-centre-de-platja-d-aro-vedif-10356\/\",\"name\":\"Immeuble commercial et h\u00f4telier \u00e0 vendre dans le centre de Platja d?Aro - vedif-10356 - Tot Gesti\u00f3 Inmobiliaria\",\"isPartOf\":{\"@id\":\"https:\/\/www.totgestioinmobiliaria.com\/#website\"},\"primaryImageOfPage\":{\"@id\":\"https:\/\/www.totgestioinmobiliaria.com\/fr\/property\/immeuble-commercial-et-hotelier-a-vendre-dans-le-centre-de-platja-d-aro-vedif-10356\/#primaryimage\"},\"image\":{\"@id\":\"https:\/\/www.totgestioinmobiliaria.com\/fr\/property\/immeuble-commercial-et-hotelier-a-vendre-dans-le-centre-de-platja-d-aro-vedif-10356\/#primaryimage\"},\"thumbnailUrl\":\"https:\/\/fotos15.apinmo.com\/11870\/23152351\/2-1.jpg\",\"datePublished\":\"2025-12-17T10:09:22+00:00\",\"breadcrumb\":{\"@id\":\"https:\/\/www.totgestioinmobiliaria.com\/fr\/property\/immeuble-commercial-et-hotelier-a-vendre-dans-le-centre-de-platja-d-aro-vedif-10356\/#breadcrumb\"},\"inLanguage\":\"fr-FR\",\"potentialAction\":[{\"@type\":\"ReadAction\",\"target\":[\"https:\/\/www.totgestioinmobiliaria.com\/fr\/property\/immeuble-commercial-et-hotelier-a-vendre-dans-le-centre-de-platja-d-aro-vedif-10356\/\"]}]},{\"@type\":\"ImageObject\",\"inLanguage\":\"fr-FR\",\"@id\":\"https:\/\/www.totgestioinmobiliaria.com\/fr\/property\/immeuble-commercial-et-hotelier-a-vendre-dans-le-centre-de-platja-d-aro-vedif-10356\/#primaryimage\",\"url\":\"https:\/\/fotos15.apinmo.com\/11870\/23152351\/2-1.jpg\",\"contentUrl\":\"https:\/\/fotos15.apinmo.com\/11870\/23152351\/2-1.jpg\",\"width\":850,\"height\":426},{\"@type\":\"BreadcrumbList\",\"@id\":\"https:\/\/www.totgestioinmobiliaria.com\/fr\/property\/immeuble-commercial-et-hotelier-a-vendre-dans-le-centre-de-platja-d-aro-vedif-10356\/#breadcrumb\",\"itemListElement\":[{\"@type\":\"ListItem\",\"position\":1,\"name\":\"Portada\",\"item\":\"https:\/\/www.totgestioinmobiliaria.com\/fr\/\"},{\"@type\":\"ListItem\",\"position\":2,\"name\":\"Propiedades\",\"item\":\"https:\/\/www.totgestioinmobiliaria.com\/property\/\"},{\"@type\":\"ListItem\",\"position\":3,\"name\":\"Immeuble commercial et h\u00f4telier \u00e0 vendre dans le centre de Platja d?Aro &#8211; vedif-10356\"}]},{\"@type\":\"WebSite\",\"@id\":\"https:\/\/www.totgestioinmobiliaria.com\/#website\",\"url\":\"https:\/\/www.totgestioinmobiliaria.com\/\",\"name\":\"Tot Gesti\u00f3 Inmobiliaria\",\"description\":\"Inmobiliaria en Platja d&#039;Aro\",\"publisher\":{\"@id\":\"https:\/\/www.totgestioinmobiliaria.com\/#organization\"},\"alternateName\":\"Tot Gesti\u00f3\",\"potentialAction\":[{\"@type\":\"SearchAction\",\"target\":{\"@type\":\"EntryPoint\",\"urlTemplate\":\"https:\/\/www.totgestioinmobiliaria.com\/?s={search_term_string}\"},\"query-input\":{\"@type\":\"PropertyValueSpecification\",\"valueRequired\":true,\"valueName\":\"search_term_string\"}}],\"inLanguage\":\"fr-FR\"},{\"@type\":\"Organization\",\"@id\":\"https:\/\/www.totgestioinmobiliaria.com\/#organization\",\"name\":\"Tot Gesti\u00f3 Inmobiliaria\",\"url\":\"https:\/\/www.totgestioinmobiliaria.com\/\",\"logo\":{\"@type\":\"ImageObject\",\"inLanguage\":\"fr-FR\",\"@id\":\"https:\/\/www.totgestioinmobiliaria.com\/#\/schema\/logo\/image\/\",\"url\":\"https:\/\/www.totgestioinmobiliaria.com\/wp-content\/uploads\/2025\/04\/Logotipo-blanco.png\",\"contentUrl\":\"https:\/\/www.totgestioinmobiliaria.com\/wp-content\/uploads\/2025\/04\/Logotipo-blanco.png\",\"width\":1096,\"height\":459,\"caption\":\"Tot Gesti\u00f3 Inmobiliaria\"},\"image\":{\"@id\":\"https:\/\/www.totgestioinmobiliaria.com\/#\/schema\/logo\/image\/\"},\"sameAs\":[\"https:\/\/www.facebook.com\/TotGestio\",\"https:\/\/www.instagram.com\/totgestio_\/\",\"https:\/\/www.youtube.com\/@immobiliariatotgestio\",\"https:\/\/www.linkedin.com\/company\/tot-gesti\/\"]}]}<\/script>\n<!-- \/ Yoast SEO plugin. -->","yoast_head_json":{"title":"Immeuble commercial et h\u00f4telier \u00e0 vendre dans le centre de Platja d?Aro - vedif-10356 - Tot Gesti\u00f3 Inmobiliaria","robots":{"index":"index","follow":"follow","max-snippet":"max-snippet:-1","max-image-preview":"max-image-preview:large","max-video-preview":"max-video-preview:-1"},"canonical":"https:\/\/www.totgestioinmobiliaria.com\/fr\/property\/immeuble-commercial-et-hotelier-a-vendre-dans-le-centre-de-platja-d-aro-vedif-10356\/","og_locale":"fr_FR","og_type":"article","og_title":"Immeuble commercial et h\u00f4telier \u00e0 vendre dans le centre de Platja d?Aro - vedif-10356 - Tot Gesti\u00f3 Inmobiliaria","og_description":"A vendre rez-de-chauss\u00e9e immeuble + 2 \u00e9tages + grenier pour locaux commerciaux de bar-restaurant, bar \u00e0 cocktails, h\u00f4tel, h\u00e9bergement touristique ou auberge dans le centre de Platja d?Aro et \u00e0 100 m de la plage. Immeuble sur une ferme de 538 m2. Rez-de-chauss\u00e9e de 431 m2 (ancien Bar-Restaurant) plus terrasse de 75 m2, premier \u00e9tage","og_url":"https:\/\/www.totgestioinmobiliaria.com\/fr\/property\/immeuble-commercial-et-hotelier-a-vendre-dans-le-centre-de-platja-d-aro-vedif-10356\/","og_site_name":"Tot Gesti\u00f3 Inmobiliaria","article_publisher":"https:\/\/www.facebook.com\/TotGestio","og_image":[{"width":850,"height":426,"url":"https:\/\/fotos15.apinmo.com\/11870\/23152351\/2-1.jpg","type":"image\/jpeg"}],"twitter_card":"summary_large_image","twitter_misc":{"Dur\u00e9e de lecture estim\u00e9e":"1 minute"},"schema":{"@context":"https:\/\/schema.org","@graph":[{"@type":"WebPage","@id":"https:\/\/www.totgestioinmobiliaria.com\/fr\/property\/immeuble-commercial-et-hotelier-a-vendre-dans-le-centre-de-platja-d-aro-vedif-10356\/","url":"https:\/\/www.totgestioinmobiliaria.com\/fr\/property\/immeuble-commercial-et-hotelier-a-vendre-dans-le-centre-de-platja-d-aro-vedif-10356\/","name":"Immeuble commercial et h\u00f4telier \u00e0 vendre dans le centre de Platja d?Aro - vedif-10356 - Tot Gesti\u00f3 Inmobiliaria","isPartOf":{"@id":"https:\/\/www.totgestioinmobiliaria.com\/#website"},"primaryImageOfPage":{"@id":"https:\/\/www.totgestioinmobiliaria.com\/fr\/property\/immeuble-commercial-et-hotelier-a-vendre-dans-le-centre-de-platja-d-aro-vedif-10356\/#primaryimage"},"image":{"@id":"https:\/\/www.totgestioinmobiliaria.com\/fr\/property\/immeuble-commercial-et-hotelier-a-vendre-dans-le-centre-de-platja-d-aro-vedif-10356\/#primaryimage"},"thumbnailUrl":"https:\/\/fotos15.apinmo.com\/11870\/23152351\/2-1.jpg","datePublished":"2025-12-17T10:09:22+00:00","breadcrumb":{"@id":"https:\/\/www.totgestioinmobiliaria.com\/fr\/property\/immeuble-commercial-et-hotelier-a-vendre-dans-le-centre-de-platja-d-aro-vedif-10356\/#breadcrumb"},"inLanguage":"fr-FR","potentialAction":[{"@type":"ReadAction","target":["https:\/\/www.totgestioinmobiliaria.com\/fr\/property\/immeuble-commercial-et-hotelier-a-vendre-dans-le-centre-de-platja-d-aro-vedif-10356\/"]}]},{"@type":"ImageObject","inLanguage":"fr-FR","@id":"https:\/\/www.totgestioinmobiliaria.com\/fr\/property\/immeuble-commercial-et-hotelier-a-vendre-dans-le-centre-de-platja-d-aro-vedif-10356\/#primaryimage","url":"https:\/\/fotos15.apinmo.com\/11870\/23152351\/2-1.jpg","contentUrl":"https:\/\/fotos15.apinmo.com\/11870\/23152351\/2-1.jpg","width":850,"height":426},{"@type":"BreadcrumbList","@id":"https:\/\/www.totgestioinmobiliaria.com\/fr\/property\/immeuble-commercial-et-hotelier-a-vendre-dans-le-centre-de-platja-d-aro-vedif-10356\/#breadcrumb","itemListElement":[{"@type":"ListItem","position":1,"name":"Portada","item":"https:\/\/www.totgestioinmobiliaria.com\/fr\/"},{"@type":"ListItem","position":2,"name":"Propiedades","item":"https:\/\/www.totgestioinmobiliaria.com\/property\/"},{"@type":"ListItem","position":3,"name":"Immeuble commercial et h\u00f4telier \u00e0 vendre dans le centre de Platja d?Aro &#8211; vedif-10356"}]},{"@type":"WebSite","@id":"https:\/\/www.totgestioinmobiliaria.com\/#website","url":"https:\/\/www.totgestioinmobiliaria.com\/","name":"Tot Gesti\u00f3 Inmobiliaria","description":"Inmobiliaria en Platja d&#039;Aro","publisher":{"@id":"https:\/\/www.totgestioinmobiliaria.com\/#organization"},"alternateName":"Tot Gesti\u00f3","potentialAction":[{"@type":"SearchAction","target":{"@type":"EntryPoint","urlTemplate":"https:\/\/www.totgestioinmobiliaria.com\/?s={search_term_string}"},"query-input":{"@type":"PropertyValueSpecification","valueRequired":true,"valueName":"search_term_string"}}],"inLanguage":"fr-FR"},{"@type":"Organization","@id":"https:\/\/www.totgestioinmobiliaria.com\/#organization","name":"Tot Gesti\u00f3 Inmobiliaria","url":"https:\/\/www.totgestioinmobiliaria.com\/","logo":{"@type":"ImageObject","inLanguage":"fr-FR","@id":"https:\/\/www.totgestioinmobiliaria.com\/#\/schema\/logo\/image\/","url":"https:\/\/www.totgestioinmobiliaria.com\/wp-content\/uploads\/2025\/04\/Logotipo-blanco.png","contentUrl":"https:\/\/www.totgestioinmobiliaria.com\/wp-content\/uploads\/2025\/04\/Logotipo-blanco.png","width":1096,"height":459,"caption":"Tot Gesti\u00f3 Inmobiliaria"},"image":{"@id":"https:\/\/www.totgestioinmobiliaria.com\/#\/schema\/logo\/image\/"},"sameAs":["https:\/\/www.facebook.com\/TotGestio","https:\/\/www.instagram.com\/totgestio_\/","https:\/\/www.youtube.com\/@immobiliariatotgestio","https:\/\/www.linkedin.com\/company\/tot-gesti\/"]}]}},"_links":{"self":[{"href":"https:\/\/www.totgestioinmobiliaria.com\/fr\/wp-json\/wp\/v2\/properties\/692625","targetHints":{"allow":["GET"]}}],"collection":[{"href":"https:\/\/www.totgestioinmobiliaria.com\/fr\/wp-json\/wp\/v2\/properties"}],"about":[{"href":"https:\/\/www.totgestioinmobiliaria.com\/fr\/wp-json\/wp\/v2\/types\/property"}],"author":[{"embeddable":true,"href":"https:\/\/www.totgestioinmobiliaria.com\/fr\/wp-json\/wp\/v2\/users\/3"}],"version-history":[{"count":0,"href":"https:\/\/www.totgestioinmobiliaria.com\/fr\/wp-json\/wp\/v2\/properties\/692625\/revisions"}],"wp:featuredmedia":[{"embeddable":true,"href":"https:\/\/www.totgestioinmobiliaria.com\/fr\/wp-json\/wp\/v2\/media\/692628"}],"wp:attachment":[{"href":"https:\/\/www.totgestioinmobiliaria.com\/fr\/wp-json\/wp\/v2\/media?parent=692625"}],"wp:term":[{"taxonomy":"property_type","embeddable":true,"href":"https:\/\/www.totgestioinmobiliaria.com\/fr\/wp-json\/wp\/v2\/property_type?post=692625"},{"taxonomy":"property_status","embeddable":true,"href":"https:\/\/www.totgestioinmobiliaria.com\/fr\/wp-json\/wp\/v2\/property_status?post=692625"},{"taxonomy":"property_feature","embeddable":true,"href":"https:\/\/www.totgestioinmobiliaria.com\/fr\/wp-json\/wp\/v2\/property_feature?post=692625"},{"taxonomy":"property_label","embeddable":true,"href":"https:\/\/www.totgestioinmobiliaria.com\/fr\/wp-json\/wp\/v2\/property_label?post=692625"},{"taxonomy":"property_country","embeddable":true,"href":"https:\/\/www.totgestioinmobiliaria.com\/fr\/wp-json\/wp\/v2\/property_country?post=692625"},{"taxonomy":"property_state","embeddable":true,"href":"https:\/\/www.totgestioinmobiliaria.com\/fr\/wp-json\/wp\/v2\/property_state?post=692625"},{"taxonomy":"property_city","embeddable":true,"href":"https:\/\/www.totgestioinmobiliaria.com\/fr\/wp-json\/wp\/v2\/property_city?post=692625"},{"taxonomy":"property_area","embeddable":true,"href":"https:\/\/www.totgestioinmobiliaria.com\/fr\/wp-json\/wp\/v2\/property_area?post=692625"}],"curies":[{"name":"wp","href":"https:\/\/api.w.org\/{rel}","templated":true}]}}